{"id":83,"date":"2022-01-05T14:14:58","date_gmt":"2022-01-05T13:14:58","guid":{"rendered":"http:\/\/local.bp2\/?page_id=83"},"modified":"2023-01-19T15:04:29","modified_gmt":"2023-01-19T14:04:29","slug":"o-nas","status":"publish","type":"page","link":"https:\/\/vss.yoho.pl\/pl\/o-nas\/","title":{"rendered":"O nas"},"content":{"rendered":"\n<div id=\"modulowosc\" class=\"wp-block-group is-style-with-b2-background\"><div class=\"wp-block-group__inner-container is-layout-flow wp-block-group-is-layout-flow\">\r\n<div class=\"section__data\" data-section=\"O NAS\"><\/div>\n\n\n<div style=\"height:100px\" aria-hidden=\"true\" class=\"wp-block-spacer is-style-small-spacer\"><\/div>\n\n\n\n<p class=\"has-text-align-center noMarginBottom has-red-color has-text-color\"><strong>LUDZIE, RELACJE, TECHNOLOGIA, JAKO\u015a\u0106<\/strong><\/p>\n\n\n\n<h2 class=\"has-text-align-center is-style-h1 noMarginTop noMarginBottom wp-block-heading\" style=\"font-size:3.5em\">THE POWER OF ROOFS<\/h2>\n\n\n\n<div style=\"height:100px\" aria-hidden=\"true\" class=\"wp-block-spacer is-style-small-spacer\"><\/div>\n<\/div><\/div>\n\n\n\n<div class=\"wp-block-group is-style-narrower-group\"><div class=\"wp-block-group__inner-container is-layout-flow wp-block-group-is-layout-flow\">\n<p class=\"has-text-align-center\" style=\"font-size:22px\"><strong>BP2 od 1995 r. jest polskim producentem kompletnych rozwi\u0105za\u0144 dachowych i elewacyjnych<\/strong>, posiadaj\u0105cy zintegrowane zak\u0142ady produkcyjne na terenie Polski w Grojcu k. Krakowa i D\u0105browie G\u00f3rniczej, s\u0142owackiej miejscowo\u015bci Ko\u0161ice oraz w Rumunii w Cluj Napoca i Timisoarze.&nbsp;<\/p>\n<\/div><\/div>\n\n\n\n<div class=\"wp-block-group has-white-background-color has-background\"><div class=\"wp-block-group__inner-container is-layout-flow wp-block-group-is-layout-flow\">\n<div style=\"height:100px\" aria-hidden=\"true\" class=\"wp-block-spacer is-style-smaller-spacer\"><\/div>\n\n\n\n<figure class=\"wp-block-embed is-type-video is-provider-youtube wp-block-embed-youtube wp-embed-aspect-16-9 wp-has-aspect-ratio\"><div class=\"wp-block-embed__wrapper\">\n<iframe loading=\"lazy\" title=\"S\u0104 LUDZIE, KT\u00d3RYM WARTO ZAUFA\u0106 | BP2.eu\" width=\"640\" height=\"360\" src=\"https:\/\/www.youtube.com\/embed\/nU9l1YUjg9M?feature=oembed\" frameborder=\"0\" allow=\"accelerometer; autoplay; clipboard-write; encrypted-media; gyroscope; picture-in-picture; web-share\" referrerpolicy=\"strict-origin-when-cross-origin\" allowfullscreen><\/iframe>\n<\/div><\/figure>\n\n\n\n<div style=\"height:100px\" aria-hidden=\"true\" class=\"wp-block-spacer is-style-smaller-spacer\"><\/div>\n<\/div><\/div>\n\n\n\n<div class=\"wp-block-group\"><div class=\"wp-block-group__inner-container is-layout-flow wp-block-group-is-layout-flow\">\r\n<div class=\"section__data\" data-section=\"DLACZEGO MY\"><\/div>\n\n<div class=\"wp-block-image\">\n<figure class=\"aligncenter size-full is-resized\" id=\"dlaczego-my\"><img loading=\"lazy\" decoding=\"async\" src=\"https:\/\/vss.yoho.pl\/wp-content\/uploads\/2022\/12\/bp2_about_dlaczego_my.svg\" alt=\"\" class=\"wp-image-34796\" width=\"96\" height=\"113\"\/><\/figure>\n<\/div>\n\n\n<h2 class=\"has-text-align-center is-style-default has-red-color has-text-color wp-block-heading\" style=\"font-size:2.5em\">DLACZEGO MY?<\/h2>\n\n\n\n<h3 class=\"has-text-align-center is-style-h3 wp-block-heading\" style=\"font-style:normal;font-weight:300\">Wierzymy w to co robimy i jeste\u015bmy wierni naszym warto\u015bciom.<\/h3>\n<\/div><\/div>\n\n\n\n<div class=\"wp-block-group is-style-narrow-group\"><div class=\"wp-block-group__inner-container is-layout-flow wp-block-group-is-layout-flow\">\n<p class=\"has-text-align-center has-medium-font-size\">Cechuje nas wyj\u0105tkowa wi\u0119\u017a mi\u0119dzy lud\u017ami, a tak\u017ce przekonanie, \u017ce ka\u017cdy element wielkiej machiny musi idealnie do siebie pasowa\u0107. Zbudowana na czterech \u2013 mocnych jak stal \u2013 filarach, kt\u00f3re gwarantuj\u0105 stabilno\u015b\u0107 oraz umo\u017cliwiaj\u0105 nieustanny rozw\u00f3j. Zasady, jakimi kierujemy si\u0119 od lat, s\u0105 niezmienne, poniewa\u017c mimo p\u0142yn\u0105cego czasu, fundamentalne za\u0142o\u017cenia gwarantuj\u0105 nie tylko wysok\u0105 wydajno\u015b\u0107, ale przede wszystkim buduj\u0105 poczucie solidarno\u015bci, zaufanie oraz realizacj\u0119 wsp\u00f3lnego celu.<\/p>\n<\/div><\/div>\n\n\n\n<div class=\"wp-block-group is-style-narrow-group\"><div class=\"wp-block-group__inner-container is-layout-flow wp-block-group-is-layout-flow\">\n<div style=\"height:100px\" aria-hidden=\"true\" class=\"wp-block-spacer is-style-small-spacer\"><\/div>\n\n\n\n<div class=\"wp-block-columns is-layout-flex wp-container-core-columns-is-layout-9d6595d7 wp-block-columns-is-layout-flex\">\n<div class=\"wp-block-column alignCenter is-layout-flow wp-block-column-is-layout-flow\">\n<figure class=\"wp-block-image size-large is-resized\"><img loading=\"lazy\" decoding=\"async\" src=\"https:\/\/vss.yoho.pl\/wp-content\/uploads\/2022\/08\/ludzie-icon.svg\" alt=\"\" class=\"wp-image-16827\" width=\"107\" height=\"113\"\/><\/figure>\n\n\n\n<p class=\"has-text-align-center has-medium-font-size\"><strong>LUDZIE<\/strong><\/p>\n\n\n\n<p class=\"has-text-align-center\">Firm\u0119 oraz pozytywn\u0105 atmosfer\u0119 tworz\u0105 ludzie. Chcemy, aby ka\u017cda osoba nale\u017c\u0105ca do zespo\u0142u BP2 czu\u0142a si\u0119 komfortowo i mia\u0142a najlepsze narz\u0119dzia do wykonywania swojej pracy. W tym celu nieustannie doskonalimy proces zarz\u0105dzania, dbamy o transparentn\u0105 decyzyjno\u015b\u0107 oraz przejrzysty przep\u0142yw informacji. <strong>Tak jak wilki dzia\u0142amy zespo\u0142owo i wsp\u00f3lnie pracujemy na osi\u0105gni\u0119cie sukcesu<\/strong>.<\/p>\n<\/div>\n\n\n\n<div class=\"wp-block-column alignCenter is-layout-flow wp-block-column-is-layout-flow\">\n<figure class=\"wp-block-image size-large is-resized\"><img loading=\"lazy\" decoding=\"async\" src=\"https:\/\/vss.yoho.pl\/wp-content\/uploads\/2022\/08\/relacje-icon.svg\" alt=\"\" class=\"wp-image-16833\" width=\"119\" height=\"113\"\/><\/figure>\n\n\n\n<p class=\"has-text-align-center has-medium-font-size\"><strong><strong><strong>RELACJE<\/strong><\/strong><\/strong><\/p>\n\n\n\n<p class=\"has-text-align-center\">W BP2 od wielu lat budujemy profesjonalne relacje z naszymi klientami, dostawcami i wsp\u00f3\u0142pracownikami. Jeste\u015bmy nastawieni na przejrzyst\u0105 komunikacj\u0119 i otwarty dialog. Dbamy o naszych odbiorc\u00f3w, oferuj\u0105c nowoczesne narz\u0119dzia wsp\u00f3\u0142pracy oraz wsparcie w programach marketingowych. <strong>Wiemy, \u017ce rynek ulega nieustannym zmianom, dlatego elastycznie dostosowujemy si\u0119 do potrzeb klient\u00f3w<\/strong>.<\/p>\n<\/div>\n\n\n\n<div class=\"wp-block-column alignCenter is-layout-flow wp-block-column-is-layout-flow\">\n<figure class=\"wp-block-image size-large is-resized\"><img loading=\"lazy\" decoding=\"async\" src=\"https:\/\/vss.yoho.pl\/wp-content\/uploads\/2022\/08\/technologia-icon.svg\" alt=\"\" class=\"wp-image-16838\" width=\"139\" height=\"113\"\/><\/figure>\n\n\n\n<p class=\"has-text-align-center has-medium-font-size\"><strong><strong>TECHNOLOGIA<\/strong><\/strong><\/p>\n\n\n\n<p class=\"has-text-align-center\">Stawiamy na innowacyjne rozwi\u0105zania oraz nowoczesne technologie, dzi\u0119ki kt\u00f3rym mo\u017cemy nieustannie optymalizowa\u0107 produkcj\u0119, poszerza\u0107 ofert\u0119, <strong>podnosi\u0107 jako\u015b\u0107 naszych produkt\u00f3w oraz us\u0142ug przy zachowaniu zasad zr\u00f3wnowa\u017conego rozwoju i bezpiecze\u0144stwa pracownik\u00f3w<\/strong>.<\/p>\n<\/div>\n\n\n\n<div class=\"wp-block-column alignCenter is-layout-flow wp-block-column-is-layout-flow\">\n<figure class=\"wp-block-image size-large is-resized\"><img loading=\"lazy\" decoding=\"async\" src=\"https:\/\/vss.yoho.pl\/wp-content\/uploads\/2022\/08\/jakosc-icon.svg\" alt=\"\" class=\"wp-image-16843\" width=\"152\" height=\"113\"\/><\/figure>\n\n\n\n<p class=\"has-text-align-center has-medium-font-size\"><strong><strong><strong>JAKO\u015a\u0106<\/strong><\/strong><\/strong><\/p>\n\n\n\n<p class=\"has-text-align-center\">Jako\u015b\u0107 jest naszym priorytetem. Wszystkie zak\u0142ady produkcyjne BP2 maj\u0105 wprowadzon\u0105 pe\u0142n\u0105 kontrol\u0119 proces\u00f3w i produkt\u00f3w pod wzgl\u0119dem zapewnienia najwy\u017cszej jako\u015bci, dlatego wewn\u0105trzzak\u0142adowe dzia\u0142ania projako\u015bciowe naszej firmy s\u0105 pod sta\u0142ym nadzorem niemieckiej jednostki <strong>DVS ZERT GmbH <\/strong>z siedzib\u0105 w Dusseldorfie. Potwierdzeniem naszej sta\u0142ej dba\u0142o\u015bci o jako\u015b\u0107 produkt\u00f3w jest wydany i co roku odnawialny <strong>Certyfikat, kt\u00f3ry potwierdza perfekcyjne dzia\u0142anie Zak\u0142adowej Kontroli Produkcji<\/strong>.<\/p>\n<\/div>\n<\/div>\n<\/div><\/div>\n\n\n\n<div class=\"wp-block-group\"><div class=\"wp-block-group__inner-container is-layout-flow wp-block-group-is-layout-flow\"><\/div><\/div>\n\n\n\n<div class=\"wp-block-group\"><div class=\"wp-block-group__inner-container is-layout-flow wp-block-group-is-layout-flow\">\n<div style=\"height:100px\" aria-hidden=\"true\" class=\"wp-block-spacer is-style-small-spacer\"><\/div>\n\n\n\n<div class=\"wp-block-columns is-style-mobile-reverse is-style-grid fade-in is-layout-flex wp-container-core-columns-is-layout-9d6595d7 wp-block-columns-is-layout-flex\">\n<div class=\"wp-block-column is-layout-flow wp-block-column-is-layout-flow\">\n<div class=\"wp-block-cover is-light is-style-full-width\"><span aria-hidden=\"true\" class=\"wp-block-cover__background has-gray-background-color has-background-dim-100 has-background-dim\"><\/span><div class=\"wp-block-cover__inner-container is-layout-flow wp-block-cover-is-layout-flow\">\n<h3 class=\"is-style-h3 wp-block-heading\">FIRMA KOMPLETNA<\/h3>\n\n\n\n<h4 class=\"is-style-h3 wp-block-heading\" style=\"font-style:normal;font-weight:300\">Innowacyjne i eleganckie pokrycia dachowe<\/h4>\n\n\n\n<p>BP2 produkuje dach\u00f3wki modu\u0142owe ZET i IZI dost\u0119pne w ramach oferty MODULAR SERIES, dach\u00f3wki kompaktowe z serii COMPACT SERIES: FINN 2.0, ALFA 2.0, BAVARIA Roof 2.0, GAMMA 2.0, HETA 2.0, STIGMA 2.0 oraz odpowiadaj\u0105ce im produkty ci\u0119te na wymiar dost\u0119pne w ramach CLASSIC SERIES. Mo\u017cemy r\u00f3wnie\u017c pochwali\u0107 si\u0119 nowatorskimi panelami dachowymi FIT oraz LAMBDA 2.0, a tak\u017ce profilem falistym SINUS i szerok\u0105 ofert\u0105 blach trapezowych, perforowanymi na \u017cyczenie klienta. Nasz asortyment dope\u0142niaj\u0105 systemy rynnowe INGURI oraz dedykowane obr\u00f3bki i akcesoria dachowe.&nbsp;<\/p>\n\n\n\n<h4 class=\"is-style-h3 wp-block-heading\" style=\"font-style:normal;font-weight:300\">Rozwi\u0105zania inwestycyjne&nbsp;<\/h4>\n\n\n\n<p>BP2 proponuje kompleksowe rozwi\u0105zania inwestycyjne takie jak&nbsp;<s> <\/s>konstrukcyjne blachy trapezowe oraz blachy faliste SINUS, kasety \u015bcienne, kasetony elewacyjne SKRIN i panele elewacyjne LINEA. W naszej ofercie znajduj\u0105 si\u0119 r\u00f3wnie\u017c p\u0142yty warstwowe CorePIR, CorePUR, CoreWOOL.&nbsp;<\/p>\n\n\n\n<h4 class=\"is-style-h3 wp-block-heading\" style=\"font-style:normal;font-weight:300\">Stalowe centrum serwisowe VSS<\/h4>\n\n\n\n<p>Zosta\u0142o stworzone dla klient\u00f3w poszukuj\u0105cych materia\u0142\u00f3w o sprecyzowanych w\u0142a\u015bciwo\u015bciach i stopniach przetworzenia. Zapewniamy sta\u0142\u0105 dost\u0119pno\u015b\u0107 i szeroki wyb\u00f3r rekomendowanych przez BP2 gatunk\u00f3w stali oraz pow\u0142ok. Realizujemy indywidualne zam\u00f3wienia o dowolnych parametrach. Obr\u00f3bka blach obejmuje przewijanie, ci\u0119cie wzd\u0142u\u017cne i poprzeczne oraz zabezpieczenie foliami ochronnymi. Umo\u017cliwiamy ci\u0119cie blach na arkusze lub formatki o wskazanych przez klienta wymiarach. Oferujemy perforacj\u0119 blach z pow\u0142okami metalicznymi oraz organicznymi. Przyjmujemy r\u00f3wnie\u017c zlecenia z wykorzystaniem materia\u0142u powierzonego, zapewniaj\u0105c optymalne wykorzystanie, dzi\u0119ki wysokiej jako\u015bci proces\u00f3w produkcyjnych.&nbsp;&nbsp;&nbsp;<\/p>\n\n\n\n<a href=\"http:\/\/vss.yoho.pl\/oferta\/\"  class=\"button button--black \">ZOBACZ OFERT\u0118<\/a><\/div><\/div>\n<\/div>\n\n\n\n<div class=\"wp-block-column is-layout-flow wp-block-column-is-layout-flow\">\n<div class=\"wp-block-cover is-light is-style-full-height\"><span aria-hidden=\"true\" class=\"wp-block-cover__background has-background-dim-0 has-background-dim\"><\/span><img loading=\"lazy\" decoding=\"async\" width=\"1000\" height=\"668\" class=\"wp-block-cover__image-background wp-image-10437\" alt=\"\" src=\"https:\/\/vss.yoho.pl\/wp-content\/uploads\/2022\/05\/DSC_8795.jpg\" style=\"object-position:42% 54%\" data-object-fit=\"cover\" data-object-position=\"42% 54%\" srcset=\"https:\/\/vss.yoho.pl\/wp-content\/uploads\/2022\/05\/DSC_8795.jpg 1000w, https:\/\/vss.yoho.pl\/wp-content\/uploads\/2022\/05\/DSC_8795-820x548.jpg 820w, https:\/\/vss.yoho.pl\/wp-content\/uploads\/2022\/05\/DSC_8795-768x513.jpg 768w\" sizes=\"auto, (max-width: 1000px) 100vw, 1000px\" \/><div class=\"wp-block-cover__inner-container is-layout-flow wp-block-cover-is-layout-flow\">\n<p class=\"has-text-align-center\"><\/p>\n<\/div><\/div>\n<\/div>\n<\/div>\n\n\n\n<div class=\"wp-block-columns is-style-grid fade-in is-layout-flex wp-container-core-columns-is-layout-9d6595d7 wp-block-columns-is-layout-flex\">\n<div class=\"wp-block-column is-layout-flow wp-block-column-is-layout-flow\">\n<div class=\"wp-block-cover is-style-full-height\"><span aria-hidden=\"true\" class=\"wp-block-cover__background has-background-dim-0 has-background-dim\"><\/span><img loading=\"lazy\" decoding=\"async\" width=\"805\" height=\"561\" class=\"wp-block-cover__image-background wp-image-2096\" alt=\"\" src=\"https:\/\/vss.yoho.pl\/wp-content\/uploads\/2022\/03\/130.png\" data-object-fit=\"cover\" srcset=\"https:\/\/vss.yoho.pl\/wp-content\/uploads\/2022\/03\/130.png 805w, https:\/\/vss.yoho.pl\/wp-content\/uploads\/2022\/03\/130-768x535.png 768w\" sizes=\"auto, (max-width: 805px) 100vw, 805px\" \/><div class=\"wp-block-cover__inner-container is-layout-flow wp-block-cover-is-layout-flow\">\n<p class=\"has-text-align-center\"><\/p>\n<\/div><\/div>\n<\/div>\n\n\n\n<div class=\"wp-block-column is-layout-flow wp-block-column-is-layout-flow\">\n<div class=\"wp-block-cover is-light is-style-full-width\"><span aria-hidden=\"true\" class=\"wp-block-cover__background has-white-background-color has-background-dim-100 has-background-dim\"><\/span><div class=\"wp-block-cover__inner-container is-layout-flow wp-block-cover-is-layout-flow\">\n<h3 class=\"is-style-h3 wp-block-heading\">FIRMA GODNA ZAUFANIA<\/h3>\n\n\n\n<h4 class=\"is-style-h3 wp-block-heading\" style=\"font-style:normal;font-weight:300\">Profesjonalizm i gwarancja jako\u015bci <\/h4>\n\n\n\n<p>Firma BP2 przywi\u0105zuje ogromn\u0105 wag\u0119 do jako\u015bci wykorzystywanej stali oraz zapewnienia gwarancje nawet do 55 lat potwierdzone specjalistycznymi badaniami. Dysponujemy w\u0142asnymi laboratoriami, w kt\u00f3rych stal poddawana jest szczeg\u00f3\u0142owym testom w z\u0142o\u017conych warunkach atmosferycznych. Wyniki test\u00f3w dowodz\u0105, \u017ce oferowane przez nas produkty s\u0105 odporne na wieloletnie dzia\u0142anie czynnik\u00f3w \u015brodowiskowych, dlatego gwarantujemy ich niezmienn\u0105 elegancj\u0119 i niezawodno\u015b\u0107 przez pokolenia.&nbsp;&nbsp;<\/p>\n\n\n\n<p>BP2 oferuje profesjonalne wsparcie swoim dystrybutorom oraz wykonawcom dzi\u0119ki obszernej wiedzy Doradcy Technicznego, kt\u00f3rym jest wieloletni praktyk, Mistrz Dekarstwa \u2013 Waldemar Piela. W ten spos\u00f3b, nasi klienci korzystaj\u0105 z us\u0142ug przeszkolonych, najlepszych w swojej bran\u017cy specjalist\u00f3w.&nbsp;<\/p>\n\n\n\n<p>Sposobem na utrwalanie wiedzy, skoncentrowanej wok\u00f3\u0142 nowych produkt\u00f3w i zastosowanych w nich innowacyjnych technologiach jest Akademia Mistrz\u00f3w, czyli cykl autorskich szkole\u0144 dedykowanych wykonawcom. Podczas spotka\u0144 uczestnicy mog\u0105 pozna\u0107 szczeg\u00f3\u0142owy proces produkcji oraz szerok\u0105 ofert\u0119 produktow\u0105, a w cz\u0119\u015bci praktycznej zdoby\u0107 lub pog\u0142\u0119bi\u0107 posiadane umiej\u0119tno\u015bci.&nbsp;<\/p>\n<\/div><\/div>\n<\/div>\n<\/div>\n\n\n\n<div style=\"height:100px\" aria-hidden=\"true\" id=\"historia\" class=\"wp-block-spacer is-style-small-spacer\"><\/div>\n\n\n\r\n<div class=\"section__data\" data-section=\"historia\"><\/div>\n\n\n<h2 class=\"has-text-align-center wp-block-heading\">HISTORIA FIRMY<\/h2>\n\n\n\n<div class=\"timeline__wrapper\">\n    <div class=\"timeline__slider sliderGroup\" data-timeline-slider>\n                            <div class=\"timeline__slide sliderGroup__elem\">\n                <div class=\"timeline__slideInner \" data-index=\"0\">\n                    <p class=\"timeline__label\">1995<\/p>\n                <\/div>\n            <\/div>\n                                <div class=\"timeline__slide sliderGroup__elem\">\n                <div class=\"timeline__slideInner \" data-index=\"1\">\n                    <p class=\"timeline__label\">1999<\/p>\n                <\/div>\n            <\/div>\n                                <div class=\"timeline__slide sliderGroup__elem\">\n                <div class=\"timeline__slideInner \" data-index=\"2\">\n                    <p class=\"timeline__label\">2007<\/p>\n                <\/div>\n            <\/div>\n                                <div class=\"timeline__slide sliderGroup__elem\">\n                <div class=\"timeline__slideInner \" data-index=\"3\">\n                    <p class=\"timeline__label\">2009<\/p>\n                <\/div>\n            <\/div>\n                                <div class=\"timeline__slide sliderGroup__elem\">\n                <div class=\"timeline__slideInner \" data-index=\"4\">\n                    <p class=\"timeline__label\">2009<\/p>\n                <\/div>\n            <\/div>\n                                <div class=\"timeline__slide sliderGroup__elem\">\n                <div class=\"timeline__slideInner \" data-index=\"5\">\n                    <p class=\"timeline__label\">2011<\/p>\n                <\/div>\n            <\/div>\n                                <div class=\"timeline__slide sliderGroup__elem\">\n                <div class=\"timeline__slideInner \" data-index=\"6\">\n                    <p class=\"timeline__label\">2015<\/p>\n                <\/div>\n            <\/div>\n                                <div class=\"timeline__slide sliderGroup__elem\">\n                <div class=\"timeline__slideInner \" data-index=\"7\">\n                    <p class=\"timeline__label\">2016<\/p>\n                <\/div>\n            <\/div>\n                                <div class=\"timeline__slide sliderGroup__elem\">\n                <div class=\"timeline__slideInner \" data-index=\"8\">\n                    <p class=\"timeline__label\">2017<\/p>\n                <\/div>\n            <\/div>\n                                <div class=\"timeline__slide sliderGroup__elem\">\n                <div class=\"timeline__slideInner \" data-index=\"9\">\n                    <p class=\"timeline__label\">2018<\/p>\n                <\/div>\n            <\/div>\n                                <div class=\"timeline__slide sliderGroup__elem\">\n                <div class=\"timeline__slideInner \" data-index=\"10\">\n                    <p class=\"timeline__label\">2018<\/p>\n                <\/div>\n            <\/div>\n                                <div class=\"timeline__slide sliderGroup__elem\">\n                <div class=\"timeline__slideInner \" data-index=\"11\">\n                    <p class=\"timeline__label\">2019<\/p>\n                <\/div>\n            <\/div>\n                                <div class=\"timeline__slide sliderGroup__elem\">\n                <div class=\"timeline__slideInner \" data-index=\"12\">\n                    <p class=\"timeline__label\">2020<\/p>\n                <\/div>\n            <\/div>\n                                <div class=\"timeline__slide sliderGroup__elem\">\n                <div class=\"timeline__slideInner \" data-index=\"13\">\n                    <p class=\"timeline__label\">2020<\/p>\n                <\/div>\n            <\/div>\n                                <div class=\"timeline__slide sliderGroup__elem\">\n                <div class=\"timeline__slideInner \" data-index=\"14\">\n                    <p class=\"timeline__label\">2021<\/p>\n                <\/div>\n            <\/div>\n                                <div class=\"timeline__slide sliderGroup__elem\">\n                <div class=\"timeline__slideInner \" data-index=\"15\">\n                    <p class=\"timeline__label\">2022 <\/p>\n                <\/div>\n            <\/div>\n                                <div class=\"timeline__slide sliderGroup__elem\">\n                <div class=\"timeline__slideInner active\" data-index=\"16\">\n                    <p class=\"timeline__label\">2022<\/p>\n                <\/div>\n            <\/div>\n                        <\/div>\n    <div class=\"timeline__contentWrapper\" data-timeline-contentWrapper data-aos=\"fade-in\">\n                            <div class=\"wp-block-columns is-style-grid fade-in is-style-desktop-reverse is-style-no-margin \" data-index=\"0\">\n\n                <div class=\"wp-block-column\" style=\"margin-left: 0;\">\n                    <div class=\"wp-block-cover has-dark-gray-background-color has-background-dim is-style-full-height\">\n                        <div class=\"wp-block-cover__inner-container\">\n                            <h3 class=\"h3 uppercase feature__title\">Zaczynamy!<\/h3>                            <h4 class=\"h3 feature__subtitle\">Rozpoczynamy handel blaszanymi pokryciami dachowymi<\/h4>                            <div class=\"full-width\"><p>wst\u0119pnie skupiony na rynku polskim. Siedziba naszej firmy mie\u015bci si\u0119 w Krakowie i to tutaj przez pierwsze lata znajduje si\u0119 jej serce produkcji. <\/p>\n<\/div>\n\n                        <\/div>\n                    <\/div>\n                <\/div>\n\n                <div class=\"wp-block-column\">\n                    <div class=\"wp-block-cover is-style-full-height\">\n                        <img decoding=\"async\" loading=\"lazy\" class=\"wp-block-cover__image-background wp-image-461\" alt=\"Zaczynamy!\" src=\"https:\/\/vss.yoho.pl\/wp-content\/uploads\/2022\/09\/OTWARCIE-BP2-scaled.jpg\" data-object-fit=\"cover\">\n                    <\/div>\n                <\/div>\n\n            <\/div>\n                                <div class=\"wp-block-columns is-style-grid fade-in is-style-desktop-reverse is-style-no-margin \" data-index=\"1\">\n\n                <div class=\"wp-block-column\" style=\"margin-left: 0;\">\n                    <div class=\"wp-block-cover has-dark-gray-background-color has-background-dim is-style-full-height\">\n                        <div class=\"wp-block-cover__inner-container\">\n                            <h3 class=\"h3 uppercase feature__title\">Pierwsza linia<\/h3>                            <h4 class=\"h3 feature__subtitle\">Uruchamiamy pierwsz\u0105 lini\u0119 produkuj\u0105c\u0105 pokrycia dachowe<\/h4>                            <div class=\"full-width\"><p>i rozpoczynamy tworzenie w\u0142asnych nowatorskich produkt\u00f3w. Krak\u00f3w wzbogaca si\u0119 o kolejnego, dobrze rokuj\u0105cego producenta. <\/p>\n<\/div>\n\n                        <\/div>\n                    <\/div>\n                <\/div>\n\n                <div class=\"wp-block-column\">\n                    <div class=\"wp-block-cover is-style-full-height\">\n                        <img decoding=\"async\" loading=\"lazy\" class=\"wp-block-cover__image-background wp-image-461\" alt=\"Pierwsza linia\" src=\"https:\/\/vss.yoho.pl\/wp-content\/uploads\/2022\/09\/OTWARCIE-BP2_2-scaled.jpg\" data-object-fit=\"cover\">\n                    <\/div>\n                <\/div>\n\n            <\/div>\n                                <div class=\"wp-block-columns is-style-grid fade-in is-style-desktop-reverse is-style-no-margin \" data-index=\"2\">\n\n                <div class=\"wp-block-column\" style=\"margin-left: 0;\">\n                    <div class=\"wp-block-cover has-dark-gray-background-color has-background-dim is-style-full-height\">\n                        <div class=\"wp-block-cover__inner-container\">\n                            <h3 class=\"h3 uppercase feature__title\">Centrum logistyczne<\/h3>                            <h4 class=\"h3 feature__subtitle\">Otwieramy nowoczesne centrum logistyczno-produkcyjne zlokalizowane w Grojcu ko\u0142o Krakowa<\/h4>                            <div class=\"full-width\"><p>dzi\u0119ki kt\u00f3remu urozmaicamy nasz\u0105 ofert\u0119 produktow\u0105 i wprowadzamy na rynek kolejne, konkurencyjne rozwi\u0105zania. <\/p>\n<\/div>\n\n                        <\/div>\n                    <\/div>\n                <\/div>\n\n                <div class=\"wp-block-column\">\n                    <div class=\"wp-block-cover is-style-full-height\">\n                        <img decoding=\"async\" loading=\"lazy\" class=\"wp-block-cover__image-background wp-image-461\" alt=\"Centrum logistyczne\" src=\"https:\/\/vss.yoho.pl\/wp-content\/uploads\/2022\/09\/OTWARCIE-ALWENIA-BP2.jpeg\" data-object-fit=\"cover\">\n                    <\/div>\n                <\/div>\n\n            <\/div>\n                                <div class=\"wp-block-columns is-style-grid fade-in is-style-desktop-reverse is-style-no-margin \" data-index=\"3\">\n\n                <div class=\"wp-block-column\" style=\"margin-left: 0;\">\n                    <div class=\"wp-block-cover has-dark-gray-background-color has-background-dim is-style-full-height\">\n                        <div class=\"wp-block-cover__inner-container\">\n                            <h3 class=\"h3 uppercase feature__title\">IMPRO<\/h3>                            <h4 class=\"h3 feature__subtitle\">Nowe kierunki rozwoju doprowadzi\u0142y do powstania marki IMPRO<\/h4>                            <div class=\"full-width\"><p>dedykowanej dla rynku rumu\u0144skiego, kt\u00f3ra w ca\u0142o\u015bci nale\u017cy do grupy kapita\u0142owej BP2. Siedziba rumu\u0144skiej sp\u00f3\u0142ki wygl\u0105da niemal identycznie jak jej pierwowz\u00f3r, czyli BP2 w Grojcu k. Krakowa.<\/p>\n<\/div>\n\n                        <\/div>\n                    <\/div>\n                <\/div>\n\n                <div class=\"wp-block-column\">\n                    <div class=\"wp-block-cover is-style-full-height\">\n                        <img decoding=\"async\" loading=\"lazy\" class=\"wp-block-cover__image-background wp-image-461\" alt=\"IMPRO\" src=\"https:\/\/vss.yoho.pl\/wp-content\/uploads\/2022\/05\/2009-1.jpg\" data-object-fit=\"cover\">\n                    <\/div>\n                <\/div>\n\n            <\/div>\n                                <div class=\"wp-block-columns is-style-grid fade-in is-style-desktop-reverse is-style-no-margin \" data-index=\"4\">\n\n                <div class=\"wp-block-column\" style=\"margin-left: 0;\">\n                    <div class=\"wp-block-cover has-dark-gray-background-color has-background-dim is-style-full-height\">\n                        <div class=\"wp-block-cover__inner-container\">\n                            <h3 class=\"h3 uppercase feature__title\">W Europ\u0119<\/h3>                            <h4 class=\"h3 feature__subtitle\">Tworzymy w\u0142asn\u0105 sie\u0107 dystrybucji w Europie ze sta\u0142ymi przedstawicielami handlowymi na terenie Czech, S\u0142owacji, Litwy, W\u0119gier i Rumunii<\/h4>                            <div class=\"full-width\"><p>W ten spos\u00f3b nie tylko stajemy si\u0119 istotnymi graczami na arenie europejskiej, ale r\u00f3wnie\u017c mamy mo\u017cliwo\u015b\u0107 wskazywa\u0107 nowe trendy w dekarstwie.<\/p>\n<\/div>\n\n                        <\/div>\n                    <\/div>\n                <\/div>\n\n                <div class=\"wp-block-column\">\n                    <div class=\"wp-block-cover is-style-full-height\">\n                        <img decoding=\"async\" loading=\"lazy\" class=\"wp-block-cover__image-background wp-image-461\" alt=\"W Europ\u0119\" src=\"https:\/\/vss.yoho.pl\/wp-content\/uploads\/2022\/06\/2009.jpg\" data-object-fit=\"cover\">\n                    <\/div>\n                <\/div>\n\n            <\/div>\n                                <div class=\"wp-block-columns is-style-grid fade-in is-style-desktop-reverse is-style-no-margin \" data-index=\"5\">\n\n                <div class=\"wp-block-column\" style=\"margin-left: 0;\">\n                    <div class=\"wp-block-cover has-dark-gray-background-color has-background-dim is-style-full-height\">\n                        <div class=\"wp-block-cover__inner-container\">\n                            <h3 class=\"h3 uppercase feature__title\">Automatyzacja<\/h3>                            <h4 class=\"h3 feature__subtitle\">Wierzymy w si\u0142\u0119 technologii, kt\u00f3ra nie tylko zapewnia zwi\u0119kszenie produkcji<\/h4>                            <div class=\"full-width\"><p>ale r\u00f3wnie\u017c pozwala na podniesienie komfortu i bezpiecze\u0144stwa pracy. W 2011 roku zautomatyzowali\u015bmy procesy w centrum logistyczno-produkcyjnym w Grojcu k. Krakowa. <\/p>\n<\/div>\n\n                        <\/div>\n                    <\/div>\n                <\/div>\n\n                <div class=\"wp-block-column\">\n                    <div class=\"wp-block-cover is-style-full-height\">\n                        <img decoding=\"async\" loading=\"lazy\" class=\"wp-block-cover__image-background wp-image-461\" alt=\"Automatyzacja\" src=\"https:\/\/vss.yoho.pl\/wp-content\/uploads\/2022\/09\/AUTOMATYZACJA-BP2-Duzy.jpeg\" data-object-fit=\"cover\">\n                    <\/div>\n                <\/div>\n\n            <\/div>\n                                <div class=\"wp-block-columns is-style-grid fade-in is-style-desktop-reverse is-style-no-margin \" data-index=\"6\">\n\n                <div class=\"wp-block-column\" style=\"margin-left: 0;\">\n                    <div class=\"wp-block-cover has-dark-gray-background-color has-background-dim is-style-full-height\">\n                        <div class=\"wp-block-cover__inner-container\">\n                            <h3 class=\"h3 uppercase feature__title\">Innowacja<\/h3>                            <h4 class=\"h3 feature__subtitle\">Uruchamiamy innowacyjn\u0105, zautomatyzowan\u0105 hal\u0119 produkcyjn\u0105 i poszerzamy ofert\u0119 blach konstrukcyjnych.<\/h4>                            <div class=\"full-width\"><p>Od teraz jeste\u015bmy obecni nie tylko w Ma\u0142opolsce, ale r\u00f3wnie\u017c w wojew\u00f3dztwie \u015bl\u0105skim w D\u0105browie G\u00f3rniczej. <\/p>\n<\/div>\n\n                        <\/div>\n                    <\/div>\n                <\/div>\n\n                <div class=\"wp-block-column\">\n                    <div class=\"wp-block-cover is-style-full-height\">\n                        <img decoding=\"async\" loading=\"lazy\" class=\"wp-block-cover__image-background wp-image-461\" alt=\"Innowacja\" src=\"https:\/\/vss.yoho.pl\/wp-content\/uploads\/2022\/09\/OTWARCIE-DG.jpeg\" data-object-fit=\"cover\">\n                    <\/div>\n                <\/div>\n\n            <\/div>\n                                <div class=\"wp-block-columns is-style-grid fade-in is-style-desktop-reverse is-style-no-margin \" data-index=\"7\">\n\n                <div class=\"wp-block-column\" style=\"margin-left: 0;\">\n                    <div class=\"wp-block-cover has-dark-gray-background-color has-background-dim is-style-full-height\">\n                        <div class=\"wp-block-cover__inner-container\">\n                            <h3 class=\"h3 uppercase feature__title\">Cluj Napoca<\/h3>                            <h4 class=\"h3 feature__subtitle\">Otwieramy nowoczesn\u0105 hal\u0119 produkcyjn\u0105 na Wy\u017cynie Transylwa\u0144skiej w p\u00f3\u0142nocno-zachodniej Rumunii.<\/h4>                            <div class=\"full-width\"><p>Tym samym, tworzymy nowe miejsca pracy dla mieszka\u0144c\u00f3w miejscowo\u015bci Cluj Napoca.<\/p>\n<\/div>\n\n                        <\/div>\n                    <\/div>\n                <\/div>\n\n                <div class=\"wp-block-column\">\n                    <div class=\"wp-block-cover is-style-full-height\">\n                        <img decoding=\"async\" loading=\"lazy\" class=\"wp-block-cover__image-background wp-image-461\" alt=\"Cluj Napoca\" src=\"https:\/\/vss.yoho.pl\/wp-content\/uploads\/2022\/09\/OTWARCIE-IMPRO-JUCU.jpg\" data-object-fit=\"cover\">\n                    <\/div>\n                <\/div>\n\n            <\/div>\n                                <div class=\"wp-block-columns is-style-grid fade-in is-style-desktop-reverse is-style-no-margin \" data-index=\"8\">\n\n                <div class=\"wp-block-column\" style=\"margin-left: 0;\">\n                    <div class=\"wp-block-cover has-dark-gray-background-color has-background-dim is-style-full-height\">\n                        <div class=\"wp-block-cover__inner-container\">\n                            <h3 class=\"h3 uppercase feature__title\">ADAM MA\u0141YSZ I AKADEMIA MISTRZ\u00d3W <\/h3>                            <h4 class=\"h3 feature__subtitle\">Adam Ma\u0142ysz oficjalnie zostaje Ambasadorem marki BP2! <\/h4>                            <div class=\"full-width\"><p>Najlepszy skoczek w\u015br\u00f3d dekarzy, najlepszy dekarz w\u015br\u00f3d skoczk\u00f3w. W tym samym roku uruchomili\u015bmy r\u00f3wnie\u017c autorski program szkole\u0144 w ramach spotka\u0144 mobilnych i stacjonarnych AKADEMII MISTRZ\u00d3W. Nasze szkolenia podnosz\u0105 standardy wiedzy dekarskiej i pozwalaj\u0105 specjalistom stawa\u0107 si\u0119 jeszcze bardziej konkurencyjnymi na rynku.<\/p>\n<\/div>\n\n                        <\/div>\n                    <\/div>\n                <\/div>\n\n                <div class=\"wp-block-column\">\n                    <div class=\"wp-block-cover is-style-full-height\">\n                        <img decoding=\"async\" loading=\"lazy\" class=\"wp-block-cover__image-background wp-image-461\" alt=\"ADAM MA\u0141YSZ I AKADEMIA MISTRZ\u00d3W \" src=\"https:\/\/vss.yoho.pl\/wp-content\/uploads\/2022\/10\/adam-am.jpg\" data-object-fit=\"cover\">\n                    <\/div>\n                <\/div>\n\n            <\/div>\n                                <div class=\"wp-block-columns is-style-grid fade-in is-style-desktop-reverse is-style-no-margin \" data-index=\"9\">\n\n                <div class=\"wp-block-column\" style=\"margin-left: 0;\">\n                    <div class=\"wp-block-cover has-dark-gray-background-color has-background-dim is-style-full-height\">\n                        <div class=\"wp-block-cover__inner-container\">\n                            <h3 class=\"h3 uppercase feature__title\">WILK<\/h3>                            <h4 class=\"h3 feature__subtitle\">Wyb\u00f3r wizerunku wilka na sygnet BP2<\/h4>                            <div class=\"full-width\"><p>Wilki to zwierze\u0328ta stadne, kt\u00f3rych styl z\u0307ycia symbolizuje blisk\u0105 nam idee\u0328 pracy zespo\u0142owej.<\/p>\n<\/div>\n\n                        <\/div>\n                    <\/div>\n                <\/div>\n\n                <div class=\"wp-block-column\">\n                    <div class=\"wp-block-cover is-style-full-height\">\n                        <img decoding=\"async\" loading=\"lazy\" class=\"wp-block-cover__image-background wp-image-461\" alt=\"WILK\" src=\"https:\/\/vss.yoho.pl\/wp-content\/uploads\/2022\/10\/wolf.jpg\" data-object-fit=\"cover\">\n                    <\/div>\n                <\/div>\n\n            <\/div>\n                                <div class=\"wp-block-columns is-style-grid fade-in is-style-desktop-reverse is-style-no-margin \" data-index=\"10\">\n\n                <div class=\"wp-block-column\" style=\"margin-left: 0;\">\n                    <div class=\"wp-block-cover has-dark-gray-background-color has-background-dim is-style-full-height\">\n                        <div class=\"wp-block-cover__inner-container\">\n                            <h3 class=\"h3 uppercase feature__title\">Inwestycje<\/h3>                            <h4 class=\"h3 feature__subtitle\">Dawny zak\u0142ad produkcyjny MARCEGALIA<\/h4>                            <div class=\"full-width\"><p> specjalizuj\u0105cy si\u0119 w wytwarzaniu p\u0142yt warstwowych, zosta\u0142 w\u0142\u0105czony do grupy kapita\u0142owej BLACHPROFIL2. <\/p>\n<\/div>\n\n                        <\/div>\n                    <\/div>\n                <\/div>\n\n                <div class=\"wp-block-column\">\n                    <div class=\"wp-block-cover is-style-full-height\">\n                        <img decoding=\"async\" loading=\"lazy\" class=\"wp-block-cover__image-background wp-image-461\" alt=\"Inwestycje\" src=\"https:\/\/vss.yoho.pl\/wp-content\/uploads\/2022\/05\/2018.jpg\" data-object-fit=\"cover\">\n                    <\/div>\n                <\/div>\n\n            <\/div>\n                                <div class=\"wp-block-columns is-style-grid fade-in is-style-desktop-reverse is-style-no-margin \" data-index=\"11\">\n\n                <div class=\"wp-block-column\" style=\"margin-left: 0;\">\n                    <div class=\"wp-block-cover has-dark-gray-background-color has-background-dim is-style-full-height\">\n                        <div class=\"wp-block-cover__inner-container\">\n                            <h3 class=\"h3 uppercase feature__title\">IZI<\/h3>                            <h4 class=\"h3 feature__subtitle\">Wprowadzamy do naszej oferty autorsk\u0105 p\u0142ask\u0105 dach\u00f3wk\u0119 modu\u0142ow\u0105 IZI<\/h4>                            <div class=\"full-width\"><p>b\u0119d\u0105c\u0105 najnowszym trendem w eleganckim i nowoczesnym budownictwie.<\/p>\n<\/div>\n\n                        <\/div>\n                    <\/div>\n                <\/div>\n\n                <div class=\"wp-block-column\">\n                    <div class=\"wp-block-cover is-style-full-height\">\n                        <img decoding=\"async\" loading=\"lazy\" class=\"wp-block-cover__image-background wp-image-461\" alt=\"IZI\" src=\"https:\/\/vss.yoho.pl\/wp-content\/uploads\/2022\/05\/2019.jpg\" data-object-fit=\"cover\">\n                    <\/div>\n                <\/div>\n\n            <\/div>\n                                <div class=\"wp-block-columns is-style-grid fade-in is-style-desktop-reverse is-style-no-margin \" data-index=\"12\">\n\n                <div class=\"wp-block-column\" style=\"margin-left: 0;\">\n                    <div class=\"wp-block-cover has-dark-gray-background-color has-background-dim is-style-full-height\">\n                        <div class=\"wp-block-cover__inner-container\">\n                            <h3 class=\"h3 uppercase feature__title\">Rozbudowa IMPRO<\/h3>                            <h4 class=\"h3 feature__subtitle\">Rozpocz\u0119cie produkcji trapez\u00f3w konstrukcyjnych w zak\u0142adzie produkcyjnym w Timisoara<\/h4>                            <div class=\"full-width\"><p>kt\u00f3re umo\u017cliwiaj\u0105 nam dynamiczny rozw\u00f3j na rynku B2B w Rumunii.<\/p>\n<\/div>\n\n                        <\/div>\n                    <\/div>\n                <\/div>\n\n                <div class=\"wp-block-column\">\n                    <div class=\"wp-block-cover is-style-full-height\">\n                        <img decoding=\"async\" loading=\"lazy\" class=\"wp-block-cover__image-background wp-image-461\" alt=\"Rozbudowa IMPRO\" src=\"https:\/\/vss.yoho.pl\/wp-content\/uploads\/2022\/05\/zaklad-timi.png\" data-object-fit=\"cover\">\n                    <\/div>\n                <\/div>\n\n            <\/div>\n                                <div class=\"wp-block-columns is-style-grid fade-in is-style-desktop-reverse is-style-no-margin \" data-index=\"13\">\n\n                <div class=\"wp-block-column\" style=\"margin-left: 0;\">\n                    <div class=\"wp-block-cover has-dark-gray-background-color has-background-dim is-style-full-height\">\n                        <div class=\"wp-block-cover__inner-container\">\n                            <h3 class=\"h3 uppercase feature__title\">COMPACT SERIES<\/h3>                            <h4 class=\"h3 feature__subtitle\">Wprowadzamy do naszej oferty blachodach\u00f3wki z COMPACT SERIES<\/h4>                            <div class=\"full-width\"><p>produkowanych na bazie klasycznych rozwi\u0105za\u0144 w formie lekkich, dwumodu\u0142owych arkuszy. Ta seria \u0142\u0105czy zalety dach\u00f3wek ci\u0119tych na wymiar oraz modu\u0142owych rozwi\u0105za\u0144.<\/p>\n<\/div>\n\n                        <\/div>\n                    <\/div>\n                <\/div>\n\n                <div class=\"wp-block-column\">\n                    <div class=\"wp-block-cover is-style-full-height\">\n                        <img decoding=\"async\" loading=\"lazy\" class=\"wp-block-cover__image-background wp-image-461\" alt=\"COMPACT SERIES\" src=\"https:\/\/vss.yoho.pl\/wp-content\/uploads\/2022\/05\/2021.jpg\" data-object-fit=\"cover\">\n                    <\/div>\n                <\/div>\n\n            <\/div>\n                                <div class=\"wp-block-columns is-style-grid fade-in is-style-desktop-reverse is-style-no-margin \" data-index=\"14\">\n\n                <div class=\"wp-block-column\" style=\"margin-left: 0;\">\n                    <div class=\"wp-block-cover has-dark-gray-background-color has-background-dim is-style-full-height\">\n                        <div class=\"wp-block-cover__inner-container\">\n                            <h3 class=\"h3 uppercase feature__title\">Nowoczesne Centrum Szkoleniowe<\/h3>                            <h4 class=\"h3 feature__subtitle\">Aby zapewni\u0107 uczestnikom Akademii Mistrz\u00f3w jak najlepsze mo\u017cliwo\u015bci rozwoju<\/h4>                            <div class=\"full-width\"><p>stworzyli\u015bmy unikatow\u0105 sal\u0119 szkoleniow\u0105 obok naszego zak\u0142adu produkcyjnego w D\u0105browie G\u00f3rniczej. Jest to specjalne miejsce, kt\u00f3re wype\u0142nili\u015bmy sprz\u0119tem niezb\u0119dnym do poszerzania umiej\u0119tno\u015bci dekarskich, wznosz\u0105c wiedz\u0119 i praktyk\u0119 specjalist\u00f3w na inny poziom.<\/p>\n<\/div>\n\n                        <\/div>\n                    <\/div>\n                <\/div>\n\n                <div class=\"wp-block-column\">\n                    <div class=\"wp-block-cover is-style-full-height\">\n                        <img decoding=\"async\" loading=\"lazy\" class=\"wp-block-cover__image-background wp-image-461\" alt=\"Nowoczesne Centrum Szkoleniowe\" src=\"https:\/\/vss.yoho.pl\/wp-content\/uploads\/2022\/03\/bp2_AM_centrum_szkoleniowe.jpg\" data-object-fit=\"cover\">\n                    <\/div>\n                <\/div>\n\n            <\/div>\n                                <div class=\"wp-block-columns is-style-grid fade-in is-style-desktop-reverse is-style-no-margin \" data-index=\"15\">\n\n                <div class=\"wp-block-column\" style=\"margin-left: 0;\">\n                    <div class=\"wp-block-cover has-dark-gray-background-color has-background-dim is-style-full-height\">\n                        <div class=\"wp-block-cover__inner-container\">\n                            <h3 class=\"h3 uppercase feature__title\"> Rozszerzenie dzia\u0142a\u0144 IMPRO <\/h3>                            <h4 class=\"h3 feature__subtitle\">W roku 2022 podj\u0119li\u015bmy wiele dzia\u0142a\u0144 inwestycyjnych w Rumunii<\/h4>                            <div class=\"full-width\"><p>Do najwa\u017cniejszych nale\u017cy rozbudowanie zak\u0142adu produkcyjnego IMPRO. Powo\u0142ali\u015bmy r\u00f3wnie\u017c do \u017cycia Akademi\u0119 Mistrz\u00f3w dzia\u0142aj\u0105c\u0105 na terenie Rumunii &#8211; w tym celu powsta\u0142o nowoczesne centrum szkoleniowe, umo\u017cliwiaj\u0105ce doskonalenie umiej\u0119tno\u015bci praktycznych.<\/p>\n<\/div>\n\n                        <\/div>\n                    <\/div>\n                <\/div>\n\n                <div class=\"wp-block-column\">\n                    <div class=\"wp-block-cover is-style-full-height\">\n                        <img decoding=\"async\" loading=\"lazy\" class=\"wp-block-cover__image-background wp-image-461\" alt=\" Rozszerzenie dzia\u0142a\u0144 IMPRO \" src=\"https:\/\/vss.yoho.pl\/wp-content\/uploads\/2022\/11\/impro-zaklad2.png\" data-object-fit=\"cover\">\n                    <\/div>\n                <\/div>\n\n            <\/div>\n                                <div class=\"wp-block-columns is-style-grid fade-in is-style-desktop-reverse is-style-no-margin active\" data-index=\"16\">\n\n                <div class=\"wp-block-column\" style=\"margin-left: 0;\">\n                    <div class=\"wp-block-cover has-dark-gray-background-color has-background-dim is-style-full-height\">\n                        <div class=\"wp-block-cover__inner-container\">\n                            <h3 class=\"h3 uppercase feature__title\">BP2 VSS<\/h3>                            <h4 class=\"h3 feature__subtitle\">Nowy zak\u0142ad produkcyjny<\/h4>                            <div class=\"full-width\"><p>Otwieramy nowoczesne centrum logistyczno-produkcyjne w Ko\u0161ice &#8211; najwi\u0119kszym mie\u015bcie wschodniej S\u0142owacji. <\/p>\n<\/div>\n\n                        <\/div>\n                    <\/div>\n                <\/div>\n\n                <div class=\"wp-block-column\">\n                    <div class=\"wp-block-cover is-style-full-height\">\n                        <img decoding=\"async\" loading=\"lazy\" class=\"wp-block-cover__image-background wp-image-461\" alt=\"BP2 VSS\" src=\"https:\/\/vss.yoho.pl\/wp-content\/uploads\/2022\/08\/2022.jpg\" data-object-fit=\"cover\">\n                    <\/div>\n                <\/div>\n\n            <\/div>\n                    \n    <\/div>\n<\/div>\n\n\r\n<div class=\"section__data\" data-section=\"zak\u0142ady produkcyjne\"><\/div>\n\n\n<div class=\"wp-block-columns is-style-mobile-reverse is-style-grid fade-in is-layout-flex wp-container-core-columns-is-layout-9d6595d7 wp-block-columns-is-layout-flex\" id=\"zaklady-produkcyjne\">\n<div class=\"wp-block-column is-layout-flow wp-block-column-is-layout-flow\">\n<div class=\"wp-block-cover is-light is-style-full-width\"><span aria-hidden=\"true\" class=\"wp-block-cover__background has-white-background-color has-background-dim-100 has-background-dim\"><\/span><div class=\"wp-block-cover__inner-container is-layout-flow wp-block-cover-is-layout-flow\">\n<h1 class=\"is-style-h1 wp-block-heading\">ZAK\u0141ADY PRODUKCYJNE<\/h1>\n\n\n\n<p>BP2 posiada 5 zintegrowanych zak\u0142ad\u00f3w produkcyjnych w Polsce, S\u0142owacji oraz Rumunii. Zak\u0142ady s\u0105 ze sob\u0105 po\u0142\u0105czone logistycznie oraz systemowo, tworz\u0105c jednolit\u0105 struktur\u0119 zak\u0142ad\u00f3w produkcyjnych wysokiej specjalizacji produktowej.&nbsp;<\/p>\n\n\n\n<div class=\"accordion__list accordion__list--simple\">\n\n        <div class=\"accordion__elem\">\n        <p class=\"accordion__title\"><strong>Zak\u0142ad produkcyjny w Grojcu (k. Krakowa)<\/strong><\/p>\n\n        <div class=\"accordion__answer\">\n            <div class=\"accordion__answerInner is-style-small-font\"><div style=\"margin-bottom: 10px; padding-bottom: 56.25%; position: relative;\"><iframe style=\"display: block; width: 98%; height: 100%; position: absolute; left: 0px; top: 0px;\" title=\"YouTube video player\" src=\"https:\/\/www.youtube.com\/embed\/nR-FGBsqw48\" frameborder=\"0\" allowfullscreen=\"allowfullscreen\"><\/iframe><\/div>\n<p>Jest jednym z pierwszych zak\u0142ad\u00f3w produkcyjnych wybudowanych przez BP2. Zosta\u0142 powo\u0142any do \u017cycia w 2007 roku. Jego nowoczesny wygl\u0105d oraz aran\u017cacja wn\u0119trza sta\u0142y si\u0119 punktem wyj\u015bcia dla kolejnych inwestycji BP2. Przemy\u015blana lokalizacja, znajduj\u0105ca si\u0119 przy autostradzie A4 czyni nasz zak\u0142ad idealnym punktem logistycznym. W zak\u0142adzie produkcyjnym skupiamy si\u0119 na wytwarzaniu produkt\u00f3w pod budownictwo mieszkaniowe.<\/p>\n<\/div>\n        <\/div>\n    <\/div>\n        <div class=\"accordion__elem\">\n        <p class=\"accordion__title\"><strong>Zak\u0142ad produkcyjny w D\u0105browie G\u00f3rniczej<\/strong><\/p>\n\n        <div class=\"accordion__answer\">\n            <div class=\"accordion__answerInner is-style-small-font\"><div style=\"margin: 15px 0 15px 0\">\n<img decoding=\"async\" src=\"http:\/\/vss.yoho.pl\/wp-content\/uploads\/2022\/05\/zaklad-dg-2.png\"<\/img>\n<\/div>\n<p>Dynamiczny rozw\u00f3j otworzy\u0142 przed nami nowe mo\u017cliwo\u015bci. W 2015 roku zosta\u0142 zakupiony zak\u0142ad produkcyjny w D\u0105browie G\u00f3rniczej. W szybkim tempie ta cz\u0119\u015b\u0107 grupy kapita\u0142owej zacz\u0119\u0142a pe\u0142ni\u0107 istotn\u0105 rol\u0119 w produkcji globalnej BP2. W D\u0105browie G\u00f3rniczej znajduje si\u0119 r\u00f3wnie\u017c centrum szkoleniowe BP2, gdzie w ramach Akademii Mistrz\u00f3w &#8211; autorskiego programu szkole\u0144 praktycznych, prowadzonych przez Certyfikowanego Mistrza Dekarstwa Waldemara Piel\u0119, umo\u017cliwiamy Wam sukcesywnie optymalizowa\u0107 prac\u0119 oraz podnosi\u0107 swoje kwalifikacje. D\u0105browski zak\u0142ad \u015bwiadczy us\u0142ugi w ramach Stalowego Centrum Serwisowego (SCS) wyposa\u017conego w wyspecjalizowane maszyny do przewijania i rozkroj\u00f3w. Dzi\u0119ki optymalnemu planowaniu nasze magazyny wysokiego sk\u0142adowania s\u0105 r\u00f3wnie\u017c wykorzystywane do przechowywania systemu rynnowego INGURI. W d\u0105browskim oddziale wytwarzamy produkty dla budownictwa inwestycyjnego. W procesie produkcyjnym wspieraj\u0105 nas wyspecjalizowani laboranci, kt\u00f3rzy prowadz\u0105 wnikliwe testy wytrzyma\u0142o\u015bci mechanicznej i odporno\u015bci na zmienne warunki atmosferyczne stali, kt\u00f3r\u0105 wykorzystujemy w naszych produktach \u2013 przy zak\u0142adzie produkcyjnym dzia\u0142a nowoczesne laboratorium. <\/p>\n<\/div>\n        <\/div>\n    <\/div>\n        <div class=\"accordion__elem\">\n        <p class=\"accordion__title\"><strong>Zak\u0142ad produkcyjny w Juc-Herghelie (k. Cluj Napoca)<\/strong><\/p>\n\n        <div class=\"accordion__answer\">\n            <div class=\"accordion__answerInner is-style-small-font\"><div style=\"margin: 15px 0 15px 0\">\n<img decoding=\"async\" src=\"http:\/\/vss.yoho.pl\/wp-content\/uploads\/2022\/05\/zaklad-timi-2.png\"<\/img>\n<\/div>\n<p>Obszerne plany inwestycyjne zaprowadzi\u0142y nas do Rumunii, gdzie w 2016 roku powsta\u0142 nasz kolejny zak\u0142ad produkcyjny. Zadbali\u015bmy o detale, aby zachowa\u0107 sp\u00f3jno\u015b\u0107 naszej marki, dlatego zak\u0142ad w Juc-Herghelie jest wiernym odwzorowaniem zak\u0142adu w Grojcu. W pe\u0142ni funkcjonalny i samodzielny, sta\u0142 si\u0119 pierwsz\u0105 zagraniczn\u0105 inwestycj\u0105 maj\u0105c\u0105 realny wp\u0142yw na wzrost produkcji grupy kapita\u0142owej BLACHPROFIL 2, kt\u00f3ra na rynku rumu\u0144skim znana jest pod mark\u0105 IMPRO.  <\/p>\n<p>W 2022 roku zako\u0144czyli\u015bmy prace nad rozbudow\u0105 i modernizacj\u0105 zak\u0142adu produkcyjnego w Juc-Herghelie. Otworzyli\u015bmy r\u00f3wnie\u017c dedykowane Centrum Szkoleniowe, kt\u00f3re jest doskona\u0142ym miejscem wymiany do\u015bwiadcze\u0144 pomi\u0119dzy IMPRO a dekarzami. Dzia\u0142amy r\u00f3wnie\u017c w ramach Akademii Mistrz\u00f3w, kt\u00f3rej celem jest wzbogacanie wiedzy dekarzy w formie praktycznych szkole\u0144 na temat najnowszych trend\u00f3w bran\u017cowych.<\/p>\n<\/div>\n        <\/div>\n    <\/div>\n        <div class=\"accordion__elem\">\n        <p class=\"accordion__title\"><strong>Zak\u0142ad produkcyjny w Timisoarze<\/strong><\/p>\n\n        <div class=\"accordion__answer\">\n            <div class=\"accordion__answerInner is-style-small-font\"><div style=\"margin: 15px 0 15px 0\">\n<img decoding=\"async\" src=\"http:\/\/vss.yoho.pl\/wp-content\/uploads\/2022\/05\/zaklad-cluj-2.png\"<\/img>\n<\/div>\n<p>Zosta\u0142 zakupiony w 2018 roku. Dawny zak\u0142ad produkcyjny MARCEGALIA specjalizuj\u0105cy si\u0119 w wytwarzaniu p\u0142yt warstwowych, zosta\u0142 w\u0142\u0105czony do grupy kapita\u0142owej BLACHPROFIL 2. <\/p>\n<p>Po modernizacji linii produkcyjnych, procesy zosta\u0142y zoptymalizowane do standard\u00f3w wypracowanych przez nasz\u0105 mark\u0119, maj\u0105c na wzgl\u0119dzie dba\u0142o\u015b\u0107 o wysok\u0105 jako\u015b\u0107 produkt\u00f3w, bezpiecze\u0144stwo oraz zr\u00f3wnowa\u017cony rozw\u00f3j. Obecnie zak\u0142ad produkcyjny w Timisoarze wytwarza produkty dla budownictwa inwestycyjnego.<\/p>\n<\/div>\n        <\/div>\n    <\/div>\n        <div class=\"accordion__elem\">\n        <p class=\"accordion__title\"><strong>Zak\u0142ad produkcyjny VSS w Ko\u0161ice<\/strong><\/p>\n\n        <div class=\"accordion__answer\">\n            <div class=\"accordion__answerInner is-style-small-font\"><div style=\"margin: 15px 0 15px 0\">\n<img decoding=\"async\" src=\"https:\/\/vss.yoho.pl\/wp-content\/uploads\/2022\/08\/vss-kosice.jpg\"<\/img>\n<\/div>\n<p>Ze wzgl\u0119du na nasz dynamiczny rozw\u00f3j w 2022 otwarli\u015bmy kolejny zak\u0142ad produkcyjny  w S\u0142owacji, zlokalizowany w drugim co do wielko\u015bci mie\u015bcie naszych po\u0142udniowych s\u0105siad\u00f3w. Zak\u0142ad posiada spektakularn\u0105 powierzchni\u0119 21 000 m2. <\/p>\n<p>S\u0142owacka inwestycja wyposa\u017cona zosta\u0142a w najnowsze linie produkcyjne p\u0142yt warstwowych, kaseton\u00f3w elewacyjnych SKRIN oraz system\u00f3w rynnowych INGURI, co pozwoli\u0142o nam na zwi\u0119kszenie efektywno\u015bci procesu wytwarzania. Przy zak\u0142adzie produkcyjnym uruchomione zosta\u0142o r\u00f3wnie\u017c Stalowe Centrum Serwisowe SCS. <\/p>\n<\/div>\n        <\/div>\n    <\/div>\n    <\/div><\/div><\/div>\n<\/div>\n\n\n\n<div class=\"wp-block-column is-layout-flow wp-block-column-is-layout-flow\">\n<figure class=\"wp-block-image size-full is-resized hiddenBelowTablet\"><img loading=\"lazy\" decoding=\"async\" src=\"https:\/\/vss.yoho.pl\/wp-content\/uploads\/2022\/12\/map-web-o-nas-1.svg\" alt=\"\" class=\"wp-image-46418\" width=\"800\" height=\"780\"\/><\/figure>\n<\/div>\n<\/div>\n\n\n\r\n<div class=\"section__data\" data-section=\"laboratorium\"><\/div>\n\n\n<div class=\"wp-block-columns is-style-grid fade-in is-layout-flex wp-container-core-columns-is-layout-9d6595d7 wp-block-columns-is-layout-flex\" id=\"laboratorium\">\n<div class=\"wp-block-column is-layout-flow wp-block-column-is-layout-flow\">\n<div class=\"wp-block-cover is-light is-style-full-height\"><span aria-hidden=\"true\" class=\"wp-block-cover__background has-background-dim-0 has-background-dim\"><\/span><img loading=\"lazy\" decoding=\"async\" width=\"805\" height=\"674\" class=\"wp-block-cover__image-background wp-image-2223\" alt=\"\" src=\"https:\/\/vss.yoho.pl\/wp-content\/uploads\/2022\/03\/LABORATORIUM-bp2.png\" data-object-fit=\"cover\" srcset=\"https:\/\/vss.yoho.pl\/wp-content\/uploads\/2022\/03\/LABORATORIUM-bp2.png 805w, https:\/\/vss.yoho.pl\/wp-content\/uploads\/2022\/03\/LABORATORIUM-bp2-768x643.png 768w\" sizes=\"auto, (max-width: 805px) 100vw, 805px\" \/><div class=\"wp-block-cover__inner-container is-layout-flow wp-block-cover-is-layout-flow\">\n<p class=\"has-text-align-center\"><\/p>\n<\/div><\/div>\n<\/div>\n\n\n\n<div class=\"wp-block-column is-layout-flow wp-block-column-is-layout-flow\">\n<div class=\"wp-block-cover is-light is-style-full-width\"><span aria-hidden=\"true\" class=\"wp-block-cover__background has-gray-background-color has-background-dim-100 has-background-dim\"><\/span><div class=\"wp-block-cover__inner-container is-layout-flow wp-block-cover-is-layout-flow\">\n<h3 class=\"is-style-h3 wp-block-heading\">LABORATORIUM BP2<\/h3>\n\n\n\n<h4 class=\"is-style-h3 wp-block-heading\" style=\"font-style:normal;font-weight:300\">Stawiamy na jako\u015b\u0107 i innowacje<\/h4>\n\n\n\n<p>Przywi\u0105zujemy ogromn\u0105 wag\u0119 do jako\u015bci oferowanych przez nas produkt\u00f3w. Skupiamy si\u0119 nie tylko na og\u00f3lnej estetyce, ale r\u00f3wnie\u017c na niebywale wa\u017cnych detalach technicznych. <strong>Stworzyli\u015bmy w\u0142asne, profesjonalne laboratoria w Polsce i Rumunii, w kt\u00f3rych poddajemy wymagaj\u0105cym testom zar\u00f3wno nasze produkty, jak i materia\u0142y.<\/strong> To rozwi\u0105zanie pozwala nam dostarcza\u0107 klientom bezpieczne i odporne na warunki atmosferyczne produkty. <\/p>\n\n\n\n<p>Kontrola jako\u015bci obywa si\u0119 z wykorzystaniem aktualnej wiedzy i innowacyjnej aparatury badawczej. Stawiamy na najwy\u017cszej klasy kadr\u0119 specjalist\u00f3w, kt\u00f3ra bada procesy zachodz\u0105ce w oferowanych przez nas pow\u0142okach oraz stali. W przeprowadzanych testach laboratoryjnych <strong>jeste\u015bmy w stanie wiernie zasymulowa\u0107 warunki, kt\u00f3re odzwierciedlaj\u0105 kilkadziesi\u0105t lat oddzia\u0142ywania r\u00f3\u017cnych czynnik\u00f3w atmosferycznych.&nbsp;<\/strong><\/p>\n\n\n\n<a href=\"http:\/\/vss.yoho.pl\/laboratorium\/\"  class=\"button button--blackSpecial \">POZNAJ LABORATORIUM BP2<\/a>\n\n\n<div style=\"height:100px\" aria-hidden=\"true\" class=\"wp-block-spacer is-style-smaller-spacer\"><\/div>\n\n\n\n<h4 class=\"is-style-h3 wp-block-heading\" style=\"font-style:normal;font-weight:300\">LabGuarantee55<\/h4>\n\n\n\n<p><strong>Gwarancje si\u0119gaj\u0105ce nawet 55 lat <\/strong>s\u0105 mo\u017cliwe jedynie po poddaniu materia\u0142u szczeg\u00f3\u0142owym testom. Pokrycia dachowe s\u0105 inwestycjami planowanymi dla kilku pokole\u0144, dlatego zdajemy sobie spraw\u0119 z odpowiedzialnej roli producenta. Dzi\u0119ki szczeg\u00f3\u0142owym badaniom jeste\u015bmy pewni, \u017ce dostarczane przez nas produkty s\u0105 najwy\u017cszej jako\u015bci.&nbsp;<\/p>\n\n\n\n<a href=\"https:\/\/vss.yoho.pl\/kolorystyka-i-powloki\/\"  class=\"button button--red \">DOWIEDZ SI\u0118 WI\u0118CEJ O GWARANCJACH BP2<\/a><\/div><\/div>\n<\/div>\n<\/div>\n<\/div><\/div>\n\n\n\n<div style=\"height:100px\" aria-hidden=\"true\" class=\"wp-block-spacer is-style-small-spacer\"><\/div>\n\n\n\n<div class=\"wp-block-group\"><div class=\"wp-block-group__inner-container is-layout-flow wp-block-group-is-layout-flow\">\n<div class=\"wp-block-columns is-style-grid is-layout-flex wp-container-core-columns-is-layout-9d6595d7 wp-block-columns-is-layout-flex\">\n<div class=\"wp-block-column is-layout-flow wp-block-column-is-layout-flow\">\n<div class=\"wp-block-cover is-style-content-from-bottom\"><span aria-hidden=\"true\" class=\"wp-block-cover__background has-background-dim\"><\/span><img loading=\"lazy\" decoding=\"async\" width=\"527\" height=\"534\" class=\"wp-block-cover__image-background wp-image-3694\" alt=\"\" src=\"http:\/\/vss.yoho.pl\/wp-content\/uploads\/2022\/03\/IMG_8343.png\" data-object-fit=\"cover\"\/><div class=\"wp-block-cover__inner-container is-layout-flow wp-block-cover-is-layout-flow\">\n<div style=\"height:100px\" aria-hidden=\"true\" class=\"wp-block-spacer is-style-medium-spacer\"><\/div>\n\n\n\n<h2 class=\"is-style-h3 wp-block-heading\">PRACA W BP2<\/h2>\n\n\n\n<p>Do\u0142\u0105cz do naszego zespo\u0142u!<\/p>\n\n\n\n<div class=\"wp-block-group\"><div class=\"wp-block-group__inner-container is-layout-flow wp-block-group-is-layout-flow\">\n<a href=\"http:\/\/vss.yoho.pl\/kariera\/\"  class=\"button button--red \">DO\u0141\u0104CZ DO NASZEGO ZESPO\u0141U<\/a><\/div><\/div>\n<\/div><\/div>\n<\/div>\n\n\n\n<div class=\"wp-block-column is-layout-flow wp-block-column-is-layout-flow\">\n<div class=\"wp-block-cover is-style-content-from-bottom\"><span aria-hidden=\"true\" class=\"wp-block-cover__background has-background-dim\"><\/span><img loading=\"lazy\" decoding=\"async\" width=\"526\" height=\"534\" class=\"wp-block-cover__image-background wp-image-5514\" alt=\"\" src=\"http:\/\/vss.yoho.pl\/wp-content\/uploads\/2022\/03\/MASTER-ROOFER_01-07-2021-23.png\" data-object-fit=\"cover\"\/><div class=\"wp-block-cover__inner-container is-layout-flow wp-block-cover-is-layout-flow\">\n<div style=\"height:100px\" aria-hidden=\"true\" class=\"wp-block-spacer is-style-medium-spacer\"><\/div>\n\n\n\n<h2 class=\"is-style-h3 wp-block-heading\">AKADEMIA MISTRZ\u00d3W<\/h2>\n\n\n\n<p>Autorski program szkole\u0144 i platforma wymiany do\u015bwiadcze\u0144.<\/p>\n\n\n\n<div class=\"wp-block-group\"><div class=\"wp-block-group__inner-container is-layout-flow wp-block-group-is-layout-flow\">\n<a href=\"https:\/\/am.bp2.pl\/\"  class=\"button button--red \">DO\u0141\u0104CZ DO AKADEMII MISTRZ\u00d3W<\/a><\/div><\/div>\n<\/div><\/div>\n<\/div>\n\n\n\n<div class=\"wp-block-column is-layout-flow wp-block-column-is-layout-flow\">\n<div class=\"wp-block-cover is-light is-style-content-from-bottom\"><span aria-hidden=\"true\" class=\"wp-block-cover__background has-background-dim\"><\/span><img loading=\"lazy\" decoding=\"async\" width=\"526\" height=\"534\" class=\"wp-block-cover__image-background wp-image-5510\" alt=\"\" src=\"http:\/\/vss.yoho.pl\/wp-content\/uploads\/2022\/03\/Piknik-15-lecie-PSD-Malopolska-14.png\" data-object-fit=\"cover\"\/><div class=\"wp-block-cover__inner-container is-layout-flow wp-block-cover-is-layout-flow\">\n<div style=\"height:100px\" aria-hidden=\"true\" class=\"wp-block-spacer is-style-medium-spacer\"><\/div>\n\n\n\n<h2 class=\"is-style-h3 has-white-color has-text-color wp-block-heading\">DZIA\u0141ANIA MARKETINGOWE<\/h2>\n\n\n\n<p class=\"has-white-color has-text-color\">Wsparcie marketingowe dla dystrybutor\u00f3w i dzia\u0142ania CSR.<\/p>\n\n\n\n<div class=\"wp-block-group\"><div class=\"wp-block-group__inner-container is-layout-flow wp-block-group-is-layout-flow\">\n<a href=\"http:\/\/vss.yoho.pl\/dzialania-marketingowe\/\"  class=\"button button--red \">DOWIEDZ SI\u0118 WI\u0118CEJ O NASZYCH DZIA\u0141ANIACH<\/a><\/div><\/div>\n<\/div><\/div>\n<\/div>\n<\/div>\n<\/div><\/div>\n\n\n\n<div style=\"height:100px\" aria-hidden=\"true\" class=\"wp-block-spacer is-style-small-spacer\"><\/div>\n\n\n\n<div class=\"wp-block-group has-dark-gray-background-color has-background\"><div class=\"wp-block-group__inner-container is-layout-flow wp-block-group-is-layout-flow\">\n<div style=\"height:100px\" aria-hidden=\"true\" class=\"wp-block-spacer is-style-small-spacer\"><\/div>\n\n\n\n\n<div class=\"header-with-button\">\n    <div class=\"header-with-button__label\">\n        <h2 class=\"uppercase noMarginTop noMarginBottom\">AKTUALNO\u015aCI<\/h2>\n    <\/div>\n    <div class=\"header-with-button__button\">\n        <a href=\"http:\/\/vss.yoho.pl\/aktualnosci\/\" class=\"button button--black \">ZOBACZ WSZYSTKIE<\/a>\n    <\/div>\n<\/div>\n\n\n    <div class=\"posts-slider-wrapper\">\n        <div class=\"posts-slider sliderGroup\" data-posts-slider>\n            <div class=\"sliderGroup__elem\">\n<div class=\"postTile\">\n    <a class=\"postTile__thumb\" href=\"https:\/\/vss.yoho.pl\/pl\/teraz-jestesmy-bp2\/\">\n        <img decoding=\"async\" src=\"https:\/\/vss.yoho.pl\/wp-content\/uploads\/2022\/12\/teraz-jestesmy-image.png\" class=\"postTile__thumbImage\" alt=\"Teraz jeste\u015bmy BP2!\">      <\/a>\n    <div class=\"postTile__content\">\n                <a href=\"https:\/\/vss.yoho.pl\/pl\/teraz-jestesmy-bp2\/\" class=\"postTile__normalLink\">\n            <h2 class=\"postTile__title uppercase\">Teraz jeste\u015bmy BP2!<\/h2>\n            <p class=\"postTile__date uppercase\">16 grudnia 2022<\/p>\n        <\/a>\n        <p class=\"postTile__link noMarginTop noMarginBottom\"><a href=\"https:\/\/vss.yoho.pl\/pl\/teraz-jestesmy-bp2\/\" class=\"button button--black uppercase\">Czytaj dalej<\/a><\/p>\n    <\/div>\n<\/div><\/div>        <\/div>\n    <\/div>\n\n\n\n<div style=\"height:100px\" aria-hidden=\"true\" class=\"wp-block-spacer is-style-small-spacer\"><\/div>\n<\/div><\/div>\n","protected":false},"excerpt":{"rendered":"<p>LUDZIE, RELACJE, TECHNOLOGIA, JAKO\u015a\u0106 THE POWER OF ROOFS BP2 od 1995 r. jest polskim producentem kompletnych rozwi\u0105za\u0144 dachowych i elewacyjnych, posiadaj\u0105cy zintegrowane zak\u0142ady produkcyjne na terenie Polski w Grojcu k. Krakowa i D\u0105browie G\u00f3rniczej, s\u0142owackiej miejscowo\u015bci Ko\u0161ice oraz w Rumunii w Cluj Napoca i Timisoarze.&nbsp; DLACZEGO MY? Wierzymy w to co robimy i jeste\u015bmy wierni [&hellip;]<\/p>\n","protected":false},"author":1,"featured_media":0,"parent":0,"menu_order":7,"comment_status":"closed","ping_status":"closed","template":"","meta":{"_acf_changed":false,"inline_featured_image":false,"footnotes":""},"class_list":["post-83","page","type-page","status-publish","hentry"],"acf":[],"yoast_head":"<!-- This site is optimized with the Yoast SEO plugin v26.5 - https:\/\/yoast.com\/wordpress\/plugins\/seo\/ -->\n<title>O nas - VSS<\/title>\n<meta name=\"robots\" content=\"noindex, follow, max-snippet:-1, max-image-preview:large, max-video-preview:-1\" \/>\n<meta property=\"og:locale\" content=\"pl_PL\" \/>\n<meta property=\"og:type\" content=\"article\" \/>\n<meta property=\"og:title\" content=\"O nas - VSS\" \/>\n<meta property=\"og:description\" content=\"LUDZIE, RELACJE, TECHNOLOGIA, JAKO\u015a\u0106 THE POWER OF ROOFS BP2 od 1995 r. jest polskim producentem kompletnych rozwi\u0105za\u0144 dachowych i elewacyjnych, posiadaj\u0105cy zintegrowane zak\u0142ady produkcyjne na terenie Polski w Grojcu k. Krakowa i D\u0105browie G\u00f3rniczej, s\u0142owackiej miejscowo\u015bci Ko\u0161ice oraz w Rumunii w Cluj Napoca i Timisoarze.&nbsp; DLACZEGO MY? Wierzymy w to co robimy i jeste\u015bmy wierni [&hellip;]\" \/>\n<meta property=\"og:url\" content=\"https:\/\/vss.yoho.pl\/pl\/o-nas\/\" \/>\n<meta property=\"og:site_name\" content=\"VSS\" \/>\n<meta property=\"article:modified_time\" content=\"2023-01-19T14:04:29+00:00\" \/>\n<meta property=\"og:image\" content=\"https:\/\/vss.yoho.pl\/wp-content\/uploads\/2022\/12\/bp2_about_dlaczego_my.svg\" \/>\n<meta name=\"twitter:card\" content=\"summary_large_image\" \/>\n<meta name=\"twitter:label1\" content=\"Est. reading time\" \/>\n\t<meta name=\"twitter:data1\" content=\"4 minuty\" \/>\n<script type=\"application\/ld+json\" class=\"yoast-schema-graph\">{\"@context\":\"https:\/\/schema.org\",\"@graph\":[{\"@type\":\"WebPage\",\"@id\":\"https:\/\/vss.yoho.pl\/pl\/o-nas\/\",\"url\":\"https:\/\/vss.yoho.pl\/pl\/o-nas\/\",\"name\":\"O nas - VSS\",\"isPartOf\":{\"@id\":\"https:\/\/vss.yoho.pl\/#website\"},\"primaryImageOfPage\":{\"@id\":\"https:\/\/vss.yoho.pl\/pl\/o-nas\/#primaryimage\"},\"image\":{\"@id\":\"https:\/\/vss.yoho.pl\/pl\/o-nas\/#primaryimage\"},\"thumbnailUrl\":\"https:\/\/vss.yoho.pl\/wp-content\/uploads\/2022\/12\/bp2_about_dlaczego_my.svg\",\"datePublished\":\"2022-01-05T13:14:58+00:00\",\"dateModified\":\"2023-01-19T14:04:29+00:00\",\"breadcrumb\":{\"@id\":\"https:\/\/vss.yoho.pl\/pl\/o-nas\/#breadcrumb\"},\"inLanguage\":\"pl-PL\",\"potentialAction\":[{\"@type\":\"ReadAction\",\"target\":[\"https:\/\/vss.yoho.pl\/pl\/o-nas\/\"]}]},{\"@type\":\"ImageObject\",\"inLanguage\":\"pl-PL\",\"@id\":\"https:\/\/vss.yoho.pl\/pl\/o-nas\/#primaryimage\",\"url\":\"https:\/\/vss.yoho.pl\/wp-content\/uploads\/2022\/12\/bp2_about_dlaczego_my.svg\",\"contentUrl\":\"https:\/\/vss.yoho.pl\/wp-content\/uploads\/2022\/12\/bp2_about_dlaczego_my.svg\"},{\"@type\":\"BreadcrumbList\",\"@id\":\"https:\/\/vss.yoho.pl\/pl\/o-nas\/#breadcrumb\",\"itemListElement\":[{\"@type\":\"ListItem\",\"position\":1,\"name\":\"Home\",\"item\":\"https:\/\/vss.yoho.pl\/pl\/\"},{\"@type\":\"ListItem\",\"position\":2,\"name\":\"O nas\"}]},{\"@type\":\"WebSite\",\"@id\":\"https:\/\/vss.yoho.pl\/#website\",\"url\":\"https:\/\/vss.yoho.pl\/\",\"name\":\"VSS\",\"description\":\"Stalowe Centrum Serwisowe\",\"potentialAction\":[{\"@type\":\"SearchAction\",\"target\":{\"@type\":\"EntryPoint\",\"urlTemplate\":\"https:\/\/vss.yoho.pl\/?s={search_term_string}\"},\"query-input\":{\"@type\":\"PropertyValueSpecification\",\"valueRequired\":true,\"valueName\":\"search_term_string\"}}],\"inLanguage\":\"pl-PL\"}]}<\/script>\n<!-- \/ Yoast SEO plugin. -->","yoast_head_json":{"title":"O nas - VSS","robots":{"index":"noindex","follow":"follow","max-snippet":"max-snippet:-1","max-image-preview":"max-image-preview:large","max-video-preview":"max-video-preview:-1"},"og_locale":"pl_PL","og_type":"article","og_title":"O nas - VSS","og_description":"LUDZIE, RELACJE, TECHNOLOGIA, JAKO\u015a\u0106 THE POWER OF ROOFS BP2 od 1995 r. jest polskim producentem kompletnych rozwi\u0105za\u0144 dachowych i elewacyjnych, posiadaj\u0105cy zintegrowane zak\u0142ady produkcyjne na terenie Polski w Grojcu k. Krakowa i D\u0105browie G\u00f3rniczej, s\u0142owackiej miejscowo\u015bci Ko\u0161ice oraz w Rumunii w Cluj Napoca i Timisoarze.&nbsp; DLACZEGO MY? Wierzymy w to co robimy i jeste\u015bmy wierni [&hellip;]","og_url":"https:\/\/vss.yoho.pl\/pl\/o-nas\/","og_site_name":"VSS","article_modified_time":"2023-01-19T14:04:29+00:00","og_image":[{"url":"https:\/\/vss.yoho.pl\/wp-content\/uploads\/2022\/12\/bp2_about_dlaczego_my.svg","type":"","width":"","height":""}],"twitter_card":"summary_large_image","twitter_misc":{"Est. reading time":"4 minuty"},"schema":{"@context":"https:\/\/schema.org","@graph":[{"@type":"WebPage","@id":"https:\/\/vss.yoho.pl\/pl\/o-nas\/","url":"https:\/\/vss.yoho.pl\/pl\/o-nas\/","name":"O nas - VSS","isPartOf":{"@id":"https:\/\/vss.yoho.pl\/#website"},"primaryImageOfPage":{"@id":"https:\/\/vss.yoho.pl\/pl\/o-nas\/#primaryimage"},"image":{"@id":"https:\/\/vss.yoho.pl\/pl\/o-nas\/#primaryimage"},"thumbnailUrl":"https:\/\/vss.yoho.pl\/wp-content\/uploads\/2022\/12\/bp2_about_dlaczego_my.svg","datePublished":"2022-01-05T13:14:58+00:00","dateModified":"2023-01-19T14:04:29+00:00","breadcrumb":{"@id":"https:\/\/vss.yoho.pl\/pl\/o-nas\/#breadcrumb"},"inLanguage":"pl-PL","potentialAction":[{"@type":"ReadAction","target":["https:\/\/vss.yoho.pl\/pl\/o-nas\/"]}]},{"@type":"ImageObject","inLanguage":"pl-PL","@id":"https:\/\/vss.yoho.pl\/pl\/o-nas\/#primaryimage","url":"https:\/\/vss.yoho.pl\/wp-content\/uploads\/2022\/12\/bp2_about_dlaczego_my.svg","contentUrl":"https:\/\/vss.yoho.pl\/wp-content\/uploads\/2022\/12\/bp2_about_dlaczego_my.svg"},{"@type":"BreadcrumbList","@id":"https:\/\/vss.yoho.pl\/pl\/o-nas\/#breadcrumb","itemListElement":[{"@type":"ListItem","position":1,"name":"Home","item":"https:\/\/vss.yoho.pl\/pl\/"},{"@type":"ListItem","position":2,"name":"O nas"}]},{"@type":"WebSite","@id":"https:\/\/vss.yoho.pl\/#website","url":"https:\/\/vss.yoho.pl\/","name":"VSS","description":"Stalowe Centrum Serwisowe","potentialAction":[{"@type":"SearchAction","target":{"@type":"EntryPoint","urlTemplate":"https:\/\/vss.yoho.pl\/?s={search_term_string}"},"query-input":{"@type":"PropertyValueSpecification","valueRequired":true,"valueName":"search_term_string"}}],"inLanguage":"pl-PL"}]}},"_links":{"self":[{"href":"https:\/\/vss.yoho.pl\/pl\/wp-json\/wp\/v2\/pages\/83","targetHints":{"allow":["GET"]}}],"collection":[{"href":"https:\/\/vss.yoho.pl\/pl\/wp-json\/wp\/v2\/pages"}],"about":[{"href":"https:\/\/vss.yoho.pl\/pl\/wp-json\/wp\/v2\/types\/page"}],"author":[{"embeddable":true,"href":"https:\/\/vss.yoho.pl\/pl\/wp-json\/wp\/v2\/users\/1"}],"replies":[{"embeddable":true,"href":"https:\/\/vss.yoho.pl\/pl\/wp-json\/wp\/v2\/comments?post=83"}],"version-history":[{"count":846,"href":"https:\/\/vss.yoho.pl\/pl\/wp-json\/wp\/v2\/pages\/83\/revisions"}],"predecessor-version":[{"id":49376,"href":"https:\/\/vss.yoho.pl\/pl\/wp-json\/wp\/v2\/pages\/83\/revisions\/49376"}],"wp:attachment":[{"href":"https:\/\/vss.yoho.pl\/pl\/wp-json\/wp\/v2\/media?parent=83"}],"curies":[{"name":"wp","href":"https:\/\/api.w.org\/{rel}","templated":true}]}}